{"id":14,"date":"2015-05-03T12:10:01","date_gmt":"2015-05-03T11:10:01","guid":{"rendered":"http:\/\/automne-musical.ch\/wordpress\/?page_id=14"},"modified":"2025-04-09T19:10:59","modified_gmt":"2025-04-09T17:10:59","slug":"qui-sommes-nous","status":"publish","type":"page","link":"https:\/\/www.automne-musical.ch\/wordpress\/qui-sommes-nous\/","title":{"rendered":"Qui sommes-nous ?"},"content":{"rendered":"<blockquote>\n<p style=\"text-align: center;\"><em><strong>L&rsquo;AMO est une association dont le but est l&rsquo;organisation\u00a0de concerts de musique de chambre de qualit\u00e9 au temple d&rsquo;Ollon, un\u00a0endroit o\u00f9 l&rsquo;accoustique met en valeur les qualit\u00e9s des instrumentistes.<\/strong><\/em><\/p>\n<p style=\"text-align: center;\"><em><strong>L&rsquo;association met aussi l&rsquo;accent sur\u00a0la convivialit\u00e9 et le partage, en\u00a0offrant au public et aux artistes de se rencontrer lors des ap\u00e9ritifs servis \u00e0 l&rsquo;issue des concerts.<\/strong><\/em><\/p>\n<\/blockquote>\n<div id='gallery-1' class='gallery galleryid-14 gallery-columns-3 gallery-size-medium'><figure class='gallery-item'>\n\t\t\t<div class='gallery-icon portrait'>\n\t\t\t\t<a href='https:\/\/www.automne-musical.ch\/wordpress\/wp-content\/uploads\/1-EVSM-JMPF2477_moyenne.jpg'><img fetchpriority=\"high\" decoding=\"async\" width=\"200\" height=\"300\" src=\"https:\/\/www.automne-musical.ch\/wordpress\/wp-content\/uploads\/1-EVSM-JMPF2477_moyenne-200x300.jpg\" class=\"attachment-medium size-medium faith-first-image skip-lazy\" alt=\"\" aria-describedby=\"gallery-1-356\" srcset=\"https:\/\/www.automne-musical.ch\/wordpress\/wp-content\/uploads\/1-EVSM-JMPF2477_moyenne-200x300.jpg 200w, https:\/\/www.automne-musical.ch\/wordpress\/wp-content\/uploads\/1-EVSM-JMPF2477_moyenne.jpg 313w\" sizes=\"(max-width: 200px) 100vw, 200px\" loading=\"eager\" \/><\/a>\n\t\t\t<\/div>\n\t\t\t\t<figcaption class='wp-caption-text gallery-caption' id='gallery-1-356'>\n\t\t\t\tEntr\u00e9e et accueil de l&rsquo;AMO\n\t\t\t\t<\/figcaption><\/figure><figure class='gallery-item'>\n\t\t\t<div class='gallery-icon portrait'>\n\t\t\t\t<a href='https:\/\/www.automne-musical.ch\/wordpress\/wp-content\/uploads\/Quatuor_Dohnanyi_1929.jpg'><img loading=\"lazy\" decoding=\"async\" width=\"200\" height=\"300\" src=\"https:\/\/www.automne-musical.ch\/wordpress\/wp-content\/uploads\/Quatuor_Dohnanyi_1929-200x300.jpg\" class=\"attachment-medium size-medium\" alt=\"\" aria-describedby=\"gallery-1-116\" srcset=\"https:\/\/www.automne-musical.ch\/wordpress\/wp-content\/uploads\/Quatuor_Dohnanyi_1929-200x300.jpg 200w, https:\/\/www.automne-musical.ch\/wordpress\/wp-content\/uploads\/Quatuor_Dohnanyi_1929.jpg 341w\" sizes=\"auto, (max-width: 200px) 100vw, 200px\" \/><\/a>\n\t\t\t<\/div>\n\t\t\t\t<figcaption class='wp-caption-text gallery-caption' id='gallery-1-116'>\n\t\t\t\t\u00ab\u00a0Quatuor Dohnanyi\u00a0\u00bb \u00a9 ARYS \/ Yael Saugy\n\t\t\t\t<\/figcaption><\/figure><figure class='gallery-item'>\n\t\t\t<div class='gallery-icon portrait'>\n\t\t\t\t<a href='https:\/\/www.automne-musical.ch\/wordpress\/wp-content\/uploads\/DSC_0230_DxO-e1431026296998.jpg'><img loading=\"lazy\" decoding=\"async\" width=\"201\" height=\"300\" src=\"https:\/\/www.automne-musical.ch\/wordpress\/wp-content\/uploads\/DSC_0230_DxO-201x300.jpg\" class=\"attachment-medium size-medium\" alt=\"\" aria-describedby=\"gallery-1-96\" srcset=\"https:\/\/www.automne-musical.ch\/wordpress\/wp-content\/uploads\/DSC_0230_DxO-201x300.jpg 201w, https:\/\/www.automne-musical.ch\/wordpress\/wp-content\/uploads\/DSC_0230_DxO-685x1024.jpg 685w, https:\/\/www.automne-musical.ch\/wordpress\/wp-content\/uploads\/DSC_0230_DxO-e1431026296998.jpg 343w\" sizes=\"auto, (max-width: 201px) 100vw, 201px\" \/><\/a>\n\t\t\t<\/div>\n\t\t\t\t<figcaption class='wp-caption-text gallery-caption' id='gallery-1-96'>\n\t\t\t\tInt\u00e9rieur du temple\n\t\t\t\t<\/figcaption><\/figure>\n\t\t<\/div>\n\n<p><strong>Le comit\u00e9 de l&rsquo;AMO est constitu\u00e9 des personnes suivantes:<\/strong><\/p>\n<p><strong>Pr\u00e9sident<\/strong>:<br \/>\nRetrait\u00e9 de l\u2019industrie chimique, o\u00f9 il a s\u00e9journ\u00e9 \u00e0 de nombreuses reprises \u00e0 l\u2019\u00e9tranger (USA, Allemagne, Autriche) et en Suisse (B\u00e2le et Monthey), <strong>Roland Franzi<\/strong> apporte une longue exp\u00e9rience du management et de la gestion de projets.\u00a0 Il est \u00e9galement membre du club-service Kiwanis de Bex, o\u00f9 il endosse des responsabilit\u00e9s dans l\u2019organisation.<\/p>\n<p><strong>Secr\u00e9taire<\/strong>:<br \/>\n<strong>Marylin Briand<\/strong> est orthoptiste depuis 25 ans, elle travaille dans deux cabinets d\u2019ophtalmologie (Lausanne et la Chaux-de-Fonds). Dans le cadre de son travail en cabinet m\u00e9dical, elle est amen\u00e9e \u00e0 g\u00e9rer \u00e9galement les travaux de secr\u00e9tariat et son sens de l\u2019organisation est pr\u00e9cieux. Marylin chante dans deux chorales. Elle appr\u00e9cie les spectacles et les concerts de musique classique.<\/p>\n<p><strong>Direction Musicale:<br \/>\n<\/strong><\/p>\n<p>Dipl\u00f4m\u00e9 de Guildhall School of Music and Drama (classe de Gy\u00f6rgy Pauk) et de l&rsquo;Acad\u00e9mie Franz Liszt de Budapest, o\u00f9 il \u00e9tudie aupr\u00e8s de Ferenc Hal\u00e0sz, le violoniste <strong>Gyula Stuller<\/strong> se perfectionne aupr\u00e8s de Nathan Milstein, S\u00e1ndor V\u00e9gh, L\u00f3r\u00e1nt Fenyves et Tibor Varga.<\/p>\n<p>Laur\u00e9at de plusieurs concours internationaux \u2013 parmi lesquels les concours Joseph Szigeti \u00e0 Budapest et Rodolpho Lipizer \u00e0 Gorizia \u2013 il devient l&rsquo;assistant de Tibor Varga \u00e0 Sion en 1986 \u00e0 la suite du 1er Prix d\u00e9croch\u00e9 lors du concours qui porte son nom.<\/p>\n<p>En 1990, il est nomm\u00e9 1er violon solo de l&rsquo;Orchestre de Chambre de Lausanne.\u00a0 Gyula Stuller enseigne le violon au niveau professionnel depuis 1996, d&rsquo;abord sous l&rsquo;\u00e9gide du Conservatoire de Fribourg, puis (depuis 2008) sous la banni\u00e8re de la Haute Ecole de Musique de Lausanne (HEMU), o\u00f9 il est responsable du d\u00e9partement des cordes. De 2002 \u00e0 2007, il a \u00e9galement \u00e9t\u00e9 professeur au Conservatoire Sup\u00e9rieur et Acad\u00e9mie de Musique Tibor Varga de Sion. Entre 2007 et 2014, il a \u00e9tait directeur artistique de l&rsquo;Acad\u00e9mie Musicale de Morges. Actif comme soliste, il est \u00e9galement tr\u00e8s engag\u00e9 dans le domaine de la musique de chambre.<\/p>\n<hr \/>\n<p>La carri\u00e8re d\u2019<strong>Hans Egidi<\/strong>, musicien allemand install\u00e9 depuis longtemps en Suisse romande, est plac\u00e9e sous le signe de la polyvalence, de la curiosit\u00e9 et de la passion pour la musique de chambre. Apr\u00e8s ses \u00e9tudes de violon \u00e0 Hanovre et \u00e0 Gen\u00e8ve, il se perfectionne dans le domaine de la musique ancienne et contemporaine. Il devient membre de l\u2019Ensemble Contrechamps, au sein duquel il d\u00e9couvre la pratique de l\u2019alto et est depuis 2002 l\u2019altiste du Quatuor Sine Nomine.<\/p>\n<p>Il effectue de nombreuses tourn\u00e9es aux \u00c9tats-Unis, en Am\u00e9rique latine et dans les pays de l\u2019Extr\u00eame-Orient et se produit dans beaucoup de grandes salles et festivals europ\u00e9ens (Wigmore Hall de Londres, Concertgebouw d\u2019Amsterdam, Salle Pleyel de Paris, Auditorio Nacional de Madrid, Mozarteum Salzburg, Festival de Lucerne, Schubertiades de Schwarzenberg, Biennales du Quatuor \u00e0 Paris).<\/p>\n<p>Il enseigne l\u2019alto et la musique de chambre aux Hautes \u00e9coles de musique de Lausanne et Sion et est invit\u00e9 \u00e0 plusieurs reprises comme membre de jury aux concours internationaux de quatuor.<\/p>\n<p><strong>Tr\u00e9sori\u00e8re:<br \/>\n<\/strong>Economiste du d\u00e9veloppement sp\u00e9cialis\u00e9e en Afrique, <strong>Katharine Pulvermacher<\/strong> a travaill\u00e9 dans un contexte international tout au long de sa carri\u00e8re avant de retourner habiter dans le canton de Vaud d\u00e9finitivement en 2023. Elle souhaite mettre au service de la communaut\u00e9 \u2013 et plus pr\u00e9cis\u00e9ment l\u2019AMO \u2013 son exp\u00e9rience de gestion des associations, y compris la gestion financi\u00e8re. Dans sa vie personnelle, Katharine appr\u00e9cie divers genres musicaux, ressortissant d\u2019une famille ou la musique classique jouait un r\u00f4le central.<\/p>\n<p><strong>Communication<\/strong>:<br \/>\nApr\u00e8s des \u00e9tudes en Sciences Politiques et Lettres \u00e0 l\u2019Universit\u00e9 de Lausanne, <strong>H\u00e9l\u00e8ne Veuthey-Demont<\/strong> a poursuivi son parcours d\u2019Historienne de l\u2019art \u00e0 Londres. De retour en Suisse, elle a travaill\u00e9 comme experte en art dans une maison de ventes aux ench\u00e8res ainsi qu\u2019en tant que commissaire d\u2019expositions et a mis sur pied de nombreux \u00e9v\u00e9nements culturels. Depuis plus de dix ans, elle occupe le poste de Responsable de la Communication Suisse romande au sein d\u2019un grand groupe immobilier. Passionn\u00e9e d\u2019art, de musique classique et impliqu\u00e9e dans certains Comit\u00e9s d\u2019Associations, H\u00e9l\u00e8ne est heureuse de pouvoir mettre ses comp\u00e9tences en communication et sa sensibilit\u00e9 artistique au service de l\u2019Automne musical d\u2019Ollon.<\/p>\n<p><strong>Sponsoring:<br \/>\n<\/strong>Suite \u00e0 un doctorat en math\u00e9matiques \u00e0 l\u2019Universit\u00e9 de Lausanne, <strong>Jean-Marc Faill\u00e9taz<\/strong> a enseign\u00e9 les math\u00e9matiques et l\u2019informatique pendant 25 ans aux Gymnases de la Cit\u00e9, de Beaulieu et de Burier. Retrait\u00e9 depuis septembre 2021, il appr\u00e9cie le sport, la lecture et les activit\u00e9s culturelles telles les expositions d\u2019art et les concerts de musique chorale et instrumentale. Bien que non musicien, Jean-Marc Faill\u00e9taz est tr\u00e8s sensible \u00e0 la promotion de la musique classique.<\/p>\n<p>&nbsp;<\/p>\n<p>&nbsp;<\/p>\n","protected":false},"excerpt":{"rendered":"<p>L&rsquo;AMO est une association dont le but est l&rsquo;organisation\u00a0de concerts de musique de chambre de qualit\u00e9 au temple d&rsquo;Ollon, un\u00a0endroit o\u00f9 l&rsquo;accoustique met en valeur les qualit\u00e9s des instrumentistes. L&rsquo;association [&hellip;]<\/p>\n","protected":false},"author":1,"featured_media":0,"parent":0,"menu_order":0,"comment_status":"closed","ping_status":"closed","template":"","meta":{"footnotes":"","_links_to":"","_links_to_target":""},"class_list":["post-14","page","type-page","status-publish","hentry"],"_links":{"self":[{"href":"https:\/\/www.automne-musical.ch\/wordpress\/wp-json\/wp\/v2\/pages\/14","targetHints":{"allow":["GET"]}}],"collection":[{"href":"https:\/\/www.automne-musical.ch\/wordpress\/wp-json\/wp\/v2\/pages"}],"about":[{"href":"https:\/\/www.automne-musical.ch\/wordpress\/wp-json\/wp\/v2\/types\/page"}],"author":[{"embeddable":true,"href":"https:\/\/www.automne-musical.ch\/wordpress\/wp-json\/wp\/v2\/users\/1"}],"replies":[{"embeddable":true,"href":"https:\/\/www.automne-musical.ch\/wordpress\/wp-json\/wp\/v2\/comments?post=14"}],"version-history":[{"count":37,"href":"https:\/\/www.automne-musical.ch\/wordpress\/wp-json\/wp\/v2\/pages\/14\/revisions"}],"predecessor-version":[{"id":1669,"href":"https:\/\/www.automne-musical.ch\/wordpress\/wp-json\/wp\/v2\/pages\/14\/revisions\/1669"}],"wp:attachment":[{"href":"https:\/\/www.automne-musical.ch\/wordpress\/wp-json\/wp\/v2\/media?parent=14"}],"curies":[{"name":"wp","href":"https:\/\/api.w.org\/{rel}","templated":true}]}}